{"id":1310,"date":"2014-04-22T16:17:01","date_gmt":"2014-04-22T15:17:01","guid":{"rendered":"https:\/\/www.bergerac.aeroport.fr\/location-voiture-2\/"},"modified":"2025-05-06T08:26:47","modified_gmt":"2025-05-06T07:26:47","slug":"car-rental","status":"publish","type":"page","link":"https:\/\/www.bergerac.aeroport.fr\/en\/car-rental\/","title":{"rendered":"Car rental"},"content":{"rendered":"\t\t<div data-elementor-type=\"wp-page\" data-elementor-id=\"1310\" class=\"elementor elementor-1310\" data-elementor-post-type=\"page\">\n\t\t\t\t<div class=\"elementor-element elementor-element-25436ab4 e-flex e-con-boxed e-con e-parent\" data-id=\"25436ab4\" data-element_type=\"container\">\n\t\t\t\t\t<div class=\"e-con-inner\">\n\t\t\t\t<div class=\"elementor-element elementor-element-48ff08b4 elementor-widget elementor-widget-text-editor\" data-id=\"48ff08b4\" data-element_type=\"widget\" data-widget_type=\"text-editor.default\">\n\t\t\t\t<div class=\"elementor-widget-container\">\n\t\t\t<style>\/*! elementor - v3.22.0 - 26-06-2024 *\/\n.elementor-widget-text-editor.elementor-drop-cap-view-stacked .elementor-drop-cap{background-color:#69727d;color:#fff}.elementor-widget-text-editor.elementor-drop-cap-view-framed .elementor-drop-cap{color:#69727d;border:3px solid;background-color:transparent}.elementor-widget-text-editor:not(.elementor-drop-cap-view-default) .elementor-drop-cap{margin-top:8px}.elementor-widget-text-editor:not(.elementor-drop-cap-view-default) .elementor-drop-cap-letter{width:1em;height:1em}.elementor-widget-text-editor .elementor-drop-cap{float:left;text-align:center;line-height:1;font-size:50px}.elementor-widget-text-editor .elementor-drop-cap-letter{display:inline-block}<\/style>\t\t\t\t<p>Buggs &#8211; T\u00e9l : +33 (0) 5.53.36.05.86 &#8211; <a href=\"http:\/\/www.buggscarhire.com\" target=\"_blank\" rel=\"noopener noreferrer\">www.buggscarhire.com<\/a><\/p><p>Enterprise rent-a-car \/ Citer-Alamo-National &#8211; T\u00e9l : +33 (0) 5.53.74.82.42 &#8211; <a href=\"http:\/\/www.enterprise.fr\" target=\"_blank\" rel=\"noopener noreferrer\">www.enterprise.fr<\/a><\/p><p>Europcar &#8211; T\u00e9l : +33 (0) 5.53.61.61.61 &#8211; <a href=\"http:\/\/www.europcar.fr\" target=\"_blank\" rel=\"noopener noreferrer\">www.europcar.fr<\/a><\/p><p>Hertz &#8211; T\u00e9l : +33 (0) 5.53.74.35.18 &#8211; <a href=\"http:\/\/www.hertz.fr\" target=\"_blank\" rel=\"noopener noreferrer\">www.hertz.fr<\/a><\/p><p>Sixt -T\u00e9l : ++33 (0)170976111 &#8211;\u00a0<a title=\"Sixt\" href=\"http:\/\/www.sixt.fr\" target=\"_blank\" rel=\"noopener noreferrer\">www.sixt.fr<\/a><\/p><p>Avis &#8211; T\u00e9l : +33 (0)5.33.09.65.48 &#8211; avis.bergerac@delbos-location.com &#8211; <a href=\"http:\/\/www.avis.fr\">www.avis.fr\u00a0<\/a><\/p>\t\t\t\t\t\t<\/div>\n\t\t\t\t<\/div>\n\t\t\t\t\t<\/div>\n\t\t\t\t<\/div>\n\t\t<div class=\"elementor-element elementor-element-f591e88 e-grid e-con-boxed e-con e-parent\" data-id=\"f591e88\" data-element_type=\"container\">\n\t\t\t\t\t<div class=\"e-con-inner\">\n\t\t\t\t<div class=\"elementor-element elementor-element-feac8a4 elementor-widget elementor-widget-image\" data-id=\"feac8a4\" data-element_type=\"widget\" data-widget_type=\"image.default\">\n\t\t\t\t<div class=\"elementor-widget-container\">\n\t\t\t<style>\/*! elementor - v3.22.0 - 26-06-2024 *\/\n.elementor-widget-image{text-align:center}.elementor-widget-image a{display:inline-block}.elementor-widget-image a img[src$=\".svg\"]{width:48px}.elementor-widget-image img{vertical-align:middle;display:inline-block}<\/style>\t\t\t\t\t\t\t<figure class=\"wp-caption\">\n\t\t\t\t\t\t\t\t\t\t\t<a href=\"https:\/\/www.sixt.fr\/location-voiture\/france\/bergerac\/aeroport-bergerac-dordogne-perigord\/?xaid=7494&#038;c1=FR&#038;c2=bergerac&#038;c3=aeroport-bergerac-dordogne-perigord&#038;utm_source=google_business&#038;utm_medium=organic&#038;utm_campaign=bergerac-aeroport\" target=\"_blank\">\n\t\t\t\t\t\t\t<img fetchpriority=\"high\" decoding=\"async\" width=\"1024\" height=\"576\" src=\"https:\/\/www.bergerac.aeroport.fr\/wp-content\/uploads\/2025\/04\/Sixt-Logo-1024x576.jpg\" class=\"attachment-large size-large wp-image-6144\" alt=\"Sixt location de voiture\" srcset=\"https:\/\/www.bergerac.aeroport.fr\/wp-content\/uploads\/2025\/04\/Sixt-Logo-1024x576.jpg 1024w, https:\/\/www.bergerac.aeroport.fr\/wp-content\/uploads\/2025\/04\/Sixt-Logo-300x169.jpg 300w, https:\/\/www.bergerac.aeroport.fr\/wp-content\/uploads\/2025\/04\/Sixt-Logo-768x432.jpg 768w, https:\/\/www.bergerac.aeroport.fr\/wp-content\/uploads\/2025\/04\/Sixt-Logo-1536x864.jpg 1536w, https:\/\/www.bergerac.aeroport.fr\/wp-content\/uploads\/2025\/04\/Sixt-Logo-2048x1151.jpg 2048w\" sizes=\"(max-width: 1024px) 100vw, 1024px\" \/>\t\t\t\t\t\t\t\t<\/a>\n\t\t\t\t\t\t\t\t\t\t\t<figcaption class=\"widget-image-caption wp-caption-text\">Sixt<\/figcaption>\n\t\t\t\t\t\t\t\t\t\t<\/figure>\n\t\t\t\t\t\t\t<\/div>\n\t\t\t\t<\/div>\n\t\t\t\t<div class=\"elementor-element elementor-element-a5f76de elementor-widget elementor-widget-image\" data-id=\"a5f76de\" data-element_type=\"widget\" data-widget_type=\"image.default\">\n\t\t\t\t<div class=\"elementor-widget-container\">\n\t\t\t\t\t\t\t\t\t\t<figure class=\"wp-caption\">\n\t\t\t\t\t\t\t\t\t\t\t<a href=\"http:\/\/buggscarhire.com\" target=\"_blank\">\n\t\t\t\t\t\t\t<img decoding=\"async\" width=\"1024\" height=\"261\" src=\"https:\/\/www.bergerac.aeroport.fr\/wp-content\/uploads\/2025\/04\/telechargement-1024x261.png\" class=\"attachment-large size-large wp-image-6163\" alt=\"\" srcset=\"https:\/\/www.bergerac.aeroport.fr\/wp-content\/uploads\/2025\/04\/telechargement-1024x261.png 1024w, https:\/\/www.bergerac.aeroport.fr\/wp-content\/uploads\/2025\/04\/telechargement-300x76.png 300w, https:\/\/www.bergerac.aeroport.fr\/wp-content\/uploads\/2025\/04\/telechargement-768x195.png 768w, https:\/\/www.bergerac.aeroport.fr\/wp-content\/uploads\/2025\/04\/telechargement-1536x391.png 1536w, https:\/\/www.bergerac.aeroport.fr\/wp-content\/uploads\/2025\/04\/telechargement-2048x521.png 2048w\" sizes=\"(max-width: 1024px) 100vw, 1024px\" \/>\t\t\t\t\t\t\t\t<\/a>\n\t\t\t\t\t\t\t\t\t\t\t<figcaption class=\"widget-image-caption wp-caption-text\">Buggs car hire<\/figcaption>\n\t\t\t\t\t\t\t\t\t\t<\/figure>\n\t\t\t\t\t\t\t<\/div>\n\t\t\t\t<\/div>\n\t\t\t\t<div class=\"elementor-element elementor-element-87dbd8e elementor-widget elementor-widget-image\" data-id=\"87dbd8e\" data-element_type=\"widget\" data-widget_type=\"image.default\">\n\t\t\t\t<div class=\"elementor-widget-container\">\n\t\t\t\t\t\t\t\t\t\t<figure class=\"wp-caption\">\n\t\t\t\t\t\t\t\t\t\t\t<a href=\"https:\/\/www.enterprise.fr\/fr\/location-voiture\/agences\/france\/aeroport-bergerac-dordogne-perigord-f5bh.html?mcid=yext:245709\" target=\"_blank\">\n\t\t\t\t\t\t\t<img decoding=\"async\" width=\"1024\" height=\"216\" src=\"https:\/\/www.bergerac.aeroport.fr\/wp-content\/uploads\/2025\/04\/Enterprise_Rent-A-Car_Logo.svg_-1024x216.png\" class=\"attachment-large size-large wp-image-6187\" alt=\"bergerac airport rent a car\" srcset=\"https:\/\/www.bergerac.aeroport.fr\/wp-content\/uploads\/2025\/04\/Enterprise_Rent-A-Car_Logo.svg_-1024x216.png 1024w, https:\/\/www.bergerac.aeroport.fr\/wp-content\/uploads\/2025\/04\/Enterprise_Rent-A-Car_Logo.svg_-300x63.png 300w, https:\/\/www.bergerac.aeroport.fr\/wp-content\/uploads\/2025\/04\/Enterprise_Rent-A-Car_Logo.svg_-768x162.png 768w, https:\/\/www.bergerac.aeroport.fr\/wp-content\/uploads\/2025\/04\/Enterprise_Rent-A-Car_Logo.svg_-1536x325.png 1536w, https:\/\/www.bergerac.aeroport.fr\/wp-content\/uploads\/2025\/04\/Enterprise_Rent-A-Car_Logo.svg_-2048x433.png 2048w\" sizes=\"(max-width: 1024px) 100vw, 1024px\" \/>\t\t\t\t\t\t\t\t<\/a>\n\t\t\t\t\t\t\t\t\t\t\t<figcaption class=\"widget-image-caption wp-caption-text\">Enterprise<\/figcaption>\n\t\t\t\t\t\t\t\t\t\t<\/figure>\n\t\t\t\t\t\t\t<\/div>\n\t\t\t\t<\/div>\n\t\t\t\t<div class=\"elementor-element elementor-element-505e161 elementor-widget elementor-widget-image\" data-id=\"505e161\" data-element_type=\"widget\" data-widget_type=\"image.default\">\n\t\t\t\t<div class=\"elementor-widget-container\">\n\t\t\t\t\t\t\t\t\t\t<figure class=\"wp-caption\">\n\t\t\t\t\t\t\t\t\t\t\t<a href=\"https:\/\/www.europcar.fr\/fr-fr\/places\/location-voiture-france\/bergerac\/bergerac-aeroport\" target=\"_blank\">\n\t\t\t\t\t\t\t<img loading=\"lazy\" decoding=\"async\" width=\"1024\" height=\"262\" src=\"https:\/\/www.bergerac.aeroport.fr\/wp-content\/uploads\/2025\/04\/Europcar-Logo.svg_-1024x262.png\" class=\"attachment-large size-large wp-image-6192\" alt=\"bergerac airport rent car\" srcset=\"https:\/\/www.bergerac.aeroport.fr\/wp-content\/uploads\/2025\/04\/Europcar-Logo.svg_-1024x262.png 1024w, https:\/\/www.bergerac.aeroport.fr\/wp-content\/uploads\/2025\/04\/Europcar-Logo.svg_-300x77.png 300w, https:\/\/www.bergerac.aeroport.fr\/wp-content\/uploads\/2025\/04\/Europcar-Logo.svg_-768x196.png 768w, https:\/\/www.bergerac.aeroport.fr\/wp-content\/uploads\/2025\/04\/Europcar-Logo.svg_-1536x392.png 1536w, https:\/\/www.bergerac.aeroport.fr\/wp-content\/uploads\/2025\/04\/Europcar-Logo.svg_-2048x523.png 2048w\" sizes=\"(max-width: 1024px) 100vw, 1024px\" \/>\t\t\t\t\t\t\t\t<\/a>\n\t\t\t\t\t\t\t\t\t\t\t<figcaption class=\"widget-image-caption wp-caption-text\">Europcar<\/figcaption>\n\t\t\t\t\t\t\t\t\t\t<\/figure>\n\t\t\t\t\t\t\t<\/div>\n\t\t\t\t<\/div>\n\t\t\t\t<div class=\"elementor-element elementor-element-9e3de4a elementor-widget elementor-widget-image\" data-id=\"9e3de4a\" data-element_type=\"widget\" data-widget_type=\"image.default\">\n\t\t\t\t<div class=\"elementor-widget-container\">\n\t\t\t\t\t\t\t\t\t\t<figure class=\"wp-caption\">\n\t\t\t\t\t\t\t\t\t\t\t<a href=\"https:\/\/www.hertz.fr\/rentacar\/location\/france\/bergerac\/EGCT50?utm_campaign=gmb-Hertz-Location-De-Voitures---Bergerac-dordogne-Airport&#038;utm_medium=gmb-websitelink&#038;utm_source=Google\" target=\"_blank\">\n\t\t\t\t\t\t\t<img loading=\"lazy\" decoding=\"async\" width=\"1024\" height=\"378\" src=\"https:\/\/www.bergerac.aeroport.fr\/wp-content\/uploads\/2025\/04\/Hertz_Car_Rental_logo.svg_-1024x378.png\" class=\"attachment-large size-large wp-image-6200\" alt=\"a\" srcset=\"https:\/\/www.bergerac.aeroport.fr\/wp-content\/uploads\/2025\/04\/Hertz_Car_Rental_logo.svg_-1024x378.png 1024w, https:\/\/www.bergerac.aeroport.fr\/wp-content\/uploads\/2025\/04\/Hertz_Car_Rental_logo.svg_-300x111.png 300w, https:\/\/www.bergerac.aeroport.fr\/wp-content\/uploads\/2025\/04\/Hertz_Car_Rental_logo.svg_-768x283.png 768w, https:\/\/www.bergerac.aeroport.fr\/wp-content\/uploads\/2025\/04\/Hertz_Car_Rental_logo.svg_-1536x566.png 1536w, https:\/\/www.bergerac.aeroport.fr\/wp-content\/uploads\/2025\/04\/Hertz_Car_Rental_logo.svg_-2048x755.png 2048w\" sizes=\"(max-width: 1024px) 100vw, 1024px\" \/>\t\t\t\t\t\t\t\t<\/a>\n\t\t\t\t\t\t\t\t\t\t\t<figcaption class=\"widget-image-caption wp-caption-text\">Hertz<\/figcaption>\n\t\t\t\t\t\t\t\t\t\t<\/figure>\n\t\t\t\t\t\t\t<\/div>\n\t\t\t\t<\/div>\n\t\t\t\t<div class=\"elementor-element elementor-element-8172bef elementor-widget elementor-widget-image\" data-id=\"8172bef\" data-element_type=\"widget\" data-widget_type=\"image.default\">\n\t\t\t\t<div class=\"elementor-widget-container\">\n\t\t\t\t\t\t\t\t\t\t<figure class=\"wp-caption\">\n\t\t\t\t\t\t\t\t\t\t\t<a href=\"https:\/\/www.avis.fr\/services-avis\/location-voiture\/europe\/france\/bergerac?map=GoogleMyBusiness-EGC#\" target=\"_blank\">\n\t\t\t\t\t\t\t<img loading=\"lazy\" decoding=\"async\" width=\"900\" height=\"500\" src=\"https:\/\/www.bergerac.aeroport.fr\/wp-content\/uploads\/2025\/04\/avis-vector-logo.png\" class=\"attachment-large size-large wp-image-6202\" alt=\"aeroport bergerac location voiture\" srcset=\"https:\/\/www.bergerac.aeroport.fr\/wp-content\/uploads\/2025\/04\/avis-vector-logo.png 900w, https:\/\/www.bergerac.aeroport.fr\/wp-content\/uploads\/2025\/04\/avis-vector-logo-300x167.png 300w, https:\/\/www.bergerac.aeroport.fr\/wp-content\/uploads\/2025\/04\/avis-vector-logo-768x427.png 768w\" sizes=\"(max-width: 900px) 100vw, 900px\" \/>\t\t\t\t\t\t\t\t<\/a>\n\t\t\t\t\t\t\t\t\t\t\t<figcaption class=\"widget-image-caption wp-caption-text\">Avis<\/figcaption>\n\t\t\t\t\t\t\t\t\t\t<\/figure>\n\t\t\t\t\t\t\t<\/div>\n\t\t\t\t<\/div>\n\t\t\t\t\t<\/div>\n\t\t\t\t<\/div>\n\t\t\t\t<\/div>\n\t\t","protected":false},"excerpt":{"rendered":"<p>Buggs &#8211; T\u00e9l : +33 (0) 5.53.36.05.86 &#8211; www.buggscarhire.com Enterprise rent-a-car \/ Citer-Alamo-National &#8211; T\u00e9l : +33 (0) 5.53.74.82.42 &#8211; www.enterprise.fr Europcar &#8211; T\u00e9l : +33 (0) 5.53.61.61.61 &#8211; www.europcar.fr Hertz &#8211; T\u00e9l : +33 (0) 5.53.74.35.18 &#8211; www.hertz.fr Sixt -T\u00e9l : ++33 (0)170976111 &#8211;\u00a0www.sixt.fr Avis &#8211; T\u00e9l : +33 (0)5.33.09.65.48 &#8211; avis.bergerac@delbos-location.com &#8211; www.avis.fr\u00a0 [&hellip;]<\/p>\n","protected":false},"author":2,"featured_media":0,"parent":0,"menu_order":0,"comment_status":"open","ping_status":"open","template":"","meta":{"footnotes":""},"class_list":["post-1310","page","type-page","status-publish","hentry"],"yoast_head":"<!-- This site is optimized with the Yoast SEO plugin v27.5 - https:\/\/yoast.com\/product\/yoast-seo-wordpress\/ -->\n<title>Car rental - A\u00e9roport Bergerac Dordogne P\u00e9rigord<\/title>\n<meta name=\"description\" content=\"Site officiel de l&#039;A\u00e9roport Bergerac Dordogne P\u00e9rigord. Voyage, billets d&#039;avion, horaires vols, compagnies a\u00e9riennes, acc\u00e8s et r\u00e9servation parking.\" \/>\n<meta name=\"robots\" content=\"index, follow, max-snippet:-1, max-image-preview:large, max-video-preview:-1\" \/>\n<link rel=\"canonical\" href=\"https:\/\/www.bergerac.aeroport.fr\/en\/car-rental\/\" \/>\n<meta property=\"og:locale\" content=\"en_US\" \/>\n<meta property=\"og:type\" content=\"article\" \/>\n<meta property=\"og:title\" content=\"Car rental - A\u00e9roport Bergerac Dordogne P\u00e9rigord\" \/>\n<meta property=\"og:description\" content=\"Site officiel de l&#039;A\u00e9roport Bergerac Dordogne P\u00e9rigord. Voyage, billets d&#039;avion, horaires vols, compagnies a\u00e9riennes, acc\u00e8s et r\u00e9servation parking.\" \/>\n<meta property=\"og:url\" content=\"https:\/\/www.bergerac.aeroport.fr\/en\/car-rental\/\" \/>\n<meta property=\"og:site_name\" content=\"A\u00e9roport Bergerac Dordogne P\u00e9rigord\" \/>\n<meta property=\"article:publisher\" content=\"https:\/\/www.facebook.com\/aeroportbergerac.dordogneperigord\" \/>\n<meta property=\"article:modified_time\" content=\"2025-05-06T07:26:47+00:00\" \/>\n<meta property=\"og:image\" content=\"https:\/\/www.bergerac.aeroport.fr\/wp-content\/uploads\/2025\/04\/Sixt-Logo.jpg\" \/>\n\t<meta property=\"og:image:width\" content=\"2560\" \/>\n\t<meta property=\"og:image:height\" content=\"1439\" \/>\n\t<meta property=\"og:image:type\" content=\"image\/jpeg\" \/>\n<meta name=\"twitter:label1\" content=\"Est. reading time\" \/>\n\t<meta name=\"twitter:data1\" content=\"2 minutes\" \/>\n<script type=\"application\/ld+json\" class=\"yoast-schema-graph\">{\"@context\":\"https:\\\/\\\/schema.org\",\"@graph\":[{\"@type\":\"WebPage\",\"@id\":\"https:\\\/\\\/www.bergerac.aeroport.fr\\\/en\\\/car-rental\\\/\",\"url\":\"https:\\\/\\\/www.bergerac.aeroport.fr\\\/en\\\/car-rental\\\/\",\"name\":\"Car rental - A\u00e9roport Bergerac Dordogne P\u00e9rigord\",\"isPartOf\":{\"@id\":\"https:\\\/\\\/www.bergerac.aeroport.fr\\\/#website\"},\"primaryImageOfPage\":{\"@id\":\"https:\\\/\\\/www.bergerac.aeroport.fr\\\/en\\\/car-rental\\\/#primaryimage\"},\"image\":{\"@id\":\"https:\\\/\\\/www.bergerac.aeroport.fr\\\/en\\\/car-rental\\\/#primaryimage\"},\"thumbnailUrl\":\"https:\\\/\\\/www.bergerac.aeroport.fr\\\/wp-content\\\/uploads\\\/2025\\\/04\\\/Sixt-Logo-1024x576.jpg\",\"datePublished\":\"2014-04-22T15:17:01+00:00\",\"dateModified\":\"2025-05-06T07:26:47+00:00\",\"description\":\"Site officiel de l'A\u00e9roport Bergerac Dordogne P\u00e9rigord. Voyage, billets d'avion, horaires vols, compagnies a\u00e9riennes, acc\u00e8s et r\u00e9servation parking.\",\"breadcrumb\":{\"@id\":\"https:\\\/\\\/www.bergerac.aeroport.fr\\\/en\\\/car-rental\\\/#breadcrumb\"},\"inLanguage\":\"en-US\",\"potentialAction\":[{\"@type\":\"ReadAction\",\"target\":[\"https:\\\/\\\/www.bergerac.aeroport.fr\\\/en\\\/car-rental\\\/\"]}]},{\"@type\":\"ImageObject\",\"inLanguage\":\"en-US\",\"@id\":\"https:\\\/\\\/www.bergerac.aeroport.fr\\\/en\\\/car-rental\\\/#primaryimage\",\"url\":\"https:\\\/\\\/www.bergerac.aeroport.fr\\\/wp-content\\\/uploads\\\/2025\\\/04\\\/Sixt-Logo-1024x576.jpg\",\"contentUrl\":\"https:\\\/\\\/www.bergerac.aeroport.fr\\\/wp-content\\\/uploads\\\/2025\\\/04\\\/Sixt-Logo-1024x576.jpg\"},{\"@type\":\"BreadcrumbList\",\"@id\":\"https:\\\/\\\/www.bergerac.aeroport.fr\\\/en\\\/car-rental\\\/#breadcrumb\",\"itemListElement\":[{\"@type\":\"ListItem\",\"position\":1,\"name\":\"Home\",\"item\":\"https:\\\/\\\/www.bergerac.aeroport.fr\\\/en\\\/\"},{\"@type\":\"ListItem\",\"position\":2,\"name\":\"Car rental\"}]},{\"@type\":\"WebSite\",\"@id\":\"https:\\\/\\\/www.bergerac.aeroport.fr\\\/#website\",\"url\":\"https:\\\/\\\/www.bergerac.aeroport.fr\\\/\",\"name\":\"A\u00e9roport Bergerac Dordogne P\u00e9rigord\",\"description\":\"\",\"potentialAction\":[{\"@type\":\"SearchAction\",\"target\":{\"@type\":\"EntryPoint\",\"urlTemplate\":\"https:\\\/\\\/www.bergerac.aeroport.fr\\\/?s={search_term_string}\"},\"query-input\":{\"@type\":\"PropertyValueSpecification\",\"valueRequired\":true,\"valueName\":\"search_term_string\"}}],\"inLanguage\":\"en-US\"}]}<\/script>\n<!-- \/ Yoast SEO plugin. -->","yoast_head_json":{"title":"Car rental - A\u00e9roport Bergerac Dordogne P\u00e9rigord","description":"Site officiel de l'A\u00e9roport Bergerac Dordogne P\u00e9rigord. Voyage, billets d'avion, horaires vols, compagnies a\u00e9riennes, acc\u00e8s et r\u00e9servation parking.","robots":{"index":"index","follow":"follow","max-snippet":"max-snippet:-1","max-image-preview":"max-image-preview:large","max-video-preview":"max-video-preview:-1"},"canonical":"https:\/\/www.bergerac.aeroport.fr\/en\/car-rental\/","og_locale":"en_US","og_type":"article","og_title":"Car rental - A\u00e9roport Bergerac Dordogne P\u00e9rigord","og_description":"Site officiel de l'A\u00e9roport Bergerac Dordogne P\u00e9rigord. Voyage, billets d'avion, horaires vols, compagnies a\u00e9riennes, acc\u00e8s et r\u00e9servation parking.","og_url":"https:\/\/www.bergerac.aeroport.fr\/en\/car-rental\/","og_site_name":"A\u00e9roport Bergerac Dordogne P\u00e9rigord","article_publisher":"https:\/\/www.facebook.com\/aeroportbergerac.dordogneperigord","article_modified_time":"2025-05-06T07:26:47+00:00","og_image":[{"width":2560,"height":1439,"url":"https:\/\/www.bergerac.aeroport.fr\/wp-content\/uploads\/2025\/04\/Sixt-Logo.jpg","type":"image\/jpeg"}],"twitter_misc":{"Est. reading time":"2 minutes"},"schema":{"@context":"https:\/\/schema.org","@graph":[{"@type":"WebPage","@id":"https:\/\/www.bergerac.aeroport.fr\/en\/car-rental\/","url":"https:\/\/www.bergerac.aeroport.fr\/en\/car-rental\/","name":"Car rental - A\u00e9roport Bergerac Dordogne P\u00e9rigord","isPartOf":{"@id":"https:\/\/www.bergerac.aeroport.fr\/#website"},"primaryImageOfPage":{"@id":"https:\/\/www.bergerac.aeroport.fr\/en\/car-rental\/#primaryimage"},"image":{"@id":"https:\/\/www.bergerac.aeroport.fr\/en\/car-rental\/#primaryimage"},"thumbnailUrl":"https:\/\/www.bergerac.aeroport.fr\/wp-content\/uploads\/2025\/04\/Sixt-Logo-1024x576.jpg","datePublished":"2014-04-22T15:17:01+00:00","dateModified":"2025-05-06T07:26:47+00:00","description":"Site officiel de l'A\u00e9roport Bergerac Dordogne P\u00e9rigord. Voyage, billets d'avion, horaires vols, compagnies a\u00e9riennes, acc\u00e8s et r\u00e9servation parking.","breadcrumb":{"@id":"https:\/\/www.bergerac.aeroport.fr\/en\/car-rental\/#breadcrumb"},"inLanguage":"en-US","potentialAction":[{"@type":"ReadAction","target":["https:\/\/www.bergerac.aeroport.fr\/en\/car-rental\/"]}]},{"@type":"ImageObject","inLanguage":"en-US","@id":"https:\/\/www.bergerac.aeroport.fr\/en\/car-rental\/#primaryimage","url":"https:\/\/www.bergerac.aeroport.fr\/wp-content\/uploads\/2025\/04\/Sixt-Logo-1024x576.jpg","contentUrl":"https:\/\/www.bergerac.aeroport.fr\/wp-content\/uploads\/2025\/04\/Sixt-Logo-1024x576.jpg"},{"@type":"BreadcrumbList","@id":"https:\/\/www.bergerac.aeroport.fr\/en\/car-rental\/#breadcrumb","itemListElement":[{"@type":"ListItem","position":1,"name":"Home","item":"https:\/\/www.bergerac.aeroport.fr\/en\/"},{"@type":"ListItem","position":2,"name":"Car rental"}]},{"@type":"WebSite","@id":"https:\/\/www.bergerac.aeroport.fr\/#website","url":"https:\/\/www.bergerac.aeroport.fr\/","name":"A\u00e9roport Bergerac Dordogne P\u00e9rigord","description":"","potentialAction":[{"@type":"SearchAction","target":{"@type":"EntryPoint","urlTemplate":"https:\/\/www.bergerac.aeroport.fr\/?s={search_term_string}"},"query-input":{"@type":"PropertyValueSpecification","valueRequired":true,"valueName":"search_term_string"}}],"inLanguage":"en-US"}]}},"_links":{"self":[{"href":"https:\/\/www.bergerac.aeroport.fr\/en\/wp-json\/wp\/v2\/pages\/1310\/"}],"collection":[{"href":"https:\/\/www.bergerac.aeroport.fr\/en\/wp-json\/wp\/v2\/pages\/"}],"about":[{"href":"https:\/\/www.bergerac.aeroport.fr\/en\/wp-json\/wp\/v2\/types\/page\/"}],"author":[{"embeddable":true,"href":"https:\/\/www.bergerac.aeroport.fr\/en\/wp-json\/wp\/v2\/users\/2\/"}],"replies":[{"embeddable":true,"href":"https:\/\/www.bergerac.aeroport.fr\/en\/wp-json\/wp\/v2\/comments\/?post=1310"}],"version-history":[{"count":36,"href":"https:\/\/www.bergerac.aeroport.fr\/en\/wp-json\/wp\/v2\/pages\/1310\/revisions\/"}],"predecessor-version":[{"id":6281,"href":"https:\/\/www.bergerac.aeroport.fr\/en\/wp-json\/wp\/v2\/pages\/1310\/revisions\/6281\/"}],"wp:attachment":[{"href":"https:\/\/www.bergerac.aeroport.fr\/en\/wp-json\/wp\/v2\/media\/?parent=1310"}],"curies":[{"name":"wp","href":"https:\/\/api.w.org\/{rel}","templated":true}]}}